{"id":5,"date":"2022-04-10T14:24:22","date_gmt":"2022-04-10T12:24:22","guid":{"rendered":"https:\/\/rechtsanwaeltin-hommel.de\/?page_id=5"},"modified":"2022-05-21T13:04:55","modified_gmt":"2022-05-21T11:04:55","slug":"home","status":"publish","type":"page","link":"https:\/\/rechtsanwaeltin-hommel.de\/","title":{"rendered":"home"},"content":{"rendered":"\t\t<div data-elementor-type=\"wp-page\" data-elementor-id=\"5\" class=\"elementor elementor-5\">\n\t\t\t\t\t\t\t\t\t<section class=\"elementor-section elementor-top-section elementor-element elementor-element-0d0ea83 elementor-section-boxed elementor-section-height-default elementor-section-height-default\" data-id=\"0d0ea83\" data-element_type=\"section\">\n\t\t\t\t\t\t<div class=\"elementor-container elementor-column-gap-default\">\n\t\t\t\t\t<div class=\"elementor-column elementor-col-100 elementor-top-column elementor-element elementor-element-d6a651a\" data-id=\"d6a651a\" data-element_type=\"column\">\n\t\t\t<div class=\"elementor-widget-wrap\">\n\t\t\t\t\t\t\t\t\t<\/div>\n\t\t<\/div>\n\t\t\t\t\t\t\t<\/div>\n\t\t<\/section>\n\t\t\t\t<section class=\"elementor-section elementor-top-section elementor-element elementor-element-64879ff elementor-section-boxed elementor-section-height-default elementor-section-height-default\" data-id=\"64879ff\" data-element_type=\"section\">\n\t\t\t\t\t\t<div class=\"elementor-container elementor-column-gap-default\">\n\t\t\t\t\t<div class=\"elementor-column elementor-col-100 elementor-top-column elementor-element elementor-element-7dd0693\" data-id=\"7dd0693\" data-element_type=\"column\">\n\t\t\t<div class=\"elementor-widget-wrap elementor-element-populated\">\n\t\t\t\t\t\t\t\t<div class=\"elementor-element elementor-element-c392c3f elementor-widget elementor-widget-text-editor\" data-id=\"c392c3f\" data-element_type=\"widget\" data-widget_type=\"text-editor.default\">\n\t\t\t\t<div class=\"elementor-widget-container\">\n\t\t\t<style>\/*! elementor - v3.6.5 - 27-04-2022 *\/\n.elementor-widget-text-editor.elementor-drop-cap-view-stacked .elementor-drop-cap{background-color:#818a91;color:#fff}.elementor-widget-text-editor.elementor-drop-cap-view-framed .elementor-drop-cap{color:#818a91;border:3px solid;background-color:transparent}.elementor-widget-text-editor:not(.elementor-drop-cap-view-default) .elementor-drop-cap{margin-top:8px}.elementor-widget-text-editor:not(.elementor-drop-cap-view-default) .elementor-drop-cap-letter{width:1em;height:1em}.elementor-widget-text-editor .elementor-drop-cap{float:left;text-align:center;line-height:1;font-size:50px}.elementor-widget-text-editor .elementor-drop-cap-letter{display:inline-block}<\/style>\t\t\t\t<p style=\"text-align: center;\">ZUR KANZLEI<\/p>\t\t\t\t\t\t<\/div>\n\t\t\t\t<\/div>\n\t\t\t\t\t<\/div>\n\t\t<\/div>\n\t\t\t\t\t\t\t<\/div>\n\t\t<\/section>\n\t\t\t\t<section class=\"elementor-section elementor-top-section elementor-element elementor-element-9f3ef83 elementor-hidden-mobile elementor-section-boxed elementor-section-height-default elementor-section-height-default\" data-id=\"9f3ef83\" data-element_type=\"section\">\n\t\t\t\t\t\t<div class=\"elementor-container elementor-column-gap-default\">\n\t\t\t\t\t<div class=\"elementor-column elementor-col-100 elementor-top-column elementor-element elementor-element-3bf6449\" data-id=\"3bf6449\" data-element_type=\"column\">\n\t\t\t<div class=\"elementor-widget-wrap elementor-element-populated\">\n\t\t\t\t\t\t\t\t<div class=\"elementor-element elementor-element-f937e08 elementor-hidden-mobile elementor-widget elementor-widget-text-editor\" data-id=\"f937e08\" data-element_type=\"widget\" data-widget_type=\"text-editor.default\">\n\t\t\t\t<div class=\"elementor-widget-container\">\n\t\t\t\t\t\t\t<p>Meine Kanzlei steht Ihnen gerne mit Rat und Tat sowohl in au\u00dfergerichtlichen als auch in gerichtlichen Streitigkeiten zur Seite. Ich selbst kann auf mehr als 32 Jahre Berufserfahrung als Rechtsanw\u00e4ltin zur\u00fcckblicken.<\/p>\n<p>Meine Schwerpunkte liegen vorwiegend im <strong>Miet- und Wohnungseigentumsrecht<\/strong> sowie dem <strong>Arbeitsrecht<\/strong>. Nat\u00fcrlich helfe ich aber auch gerne und fachlich versiert bei allen anderen gro\u00dfen und kleinen rechtlichen Problemen des t\u00e4glichen Lebens. Dar\u00fcber hinaus bin ich als Schlichterin f\u00fcr die Anwaltskammer Frankfurt z.B. in Nachbarschaftssachen t\u00e4tig.<\/p>\n<p>Rufen Sie einfach bei mir an, um einen Termin zu vereinbaren oder um sich telefonisch beraten zu lassen. Ich bin in der Regel t\u00e4glich von 9.30 bis 12.00 Uhr und von 13.00 bis 17.00 Uhr zu erreichen. Falls das einmal nicht der Fall sein sollte, k\u00f6nnen Sie jederzeit auf Band sprechen und ich rufe umgehend zur\u00fcck.<\/p>\t\t\t\t\t\t<\/div>\n\t\t\t\t<\/div>\n\t\t\t\t\t<\/div>\n\t\t<\/div>\n\t\t\t\t\t\t\t<\/div>\n\t\t<\/section>\n\t\t\t\t<section class=\"elementor-section elementor-top-section elementor-element elementor-element-306a3a3 elementor-hidden-desktop elementor-hidden-tablet elementor-section-boxed elementor-section-height-default elementor-section-height-default\" data-id=\"306a3a3\" data-element_type=\"section\">\n\t\t\t\t\t\t<div class=\"elementor-container elementor-column-gap-default\">\n\t\t\t\t\t<div class=\"elementor-column elementor-col-100 elementor-top-column elementor-element elementor-element-6b3c1a9\" data-id=\"6b3c1a9\" data-element_type=\"column\">\n\t\t\t<div class=\"elementor-widget-wrap elementor-element-populated\">\n\t\t\t\t\t\t\t\t<div class=\"elementor-element elementor-element-0898062 elementor-widget elementor-widget-text-editor\" data-id=\"0898062\" data-element_type=\"widget\" data-widget_type=\"text-editor.default\">\n\t\t\t\t<div class=\"elementor-widget-container\">\n\t\t\t\t\t\t\t<p>Meine Kanzlei steht Ihnen gerne mit Rat und Tat sowohl in au\u00dfergerichtlichen als auch in gerichtlichen Streitigkeiten zur Seite. Ich selbst kann auf mehr als 32 Jahre Berufserfahrung als Rechtsanw\u00e4ltin zur\u00fcckblicken.<\/p>\n<p>Meine Schwerpunkte liegen vorwiegend im <strong>Miet- und Wohnungseigentumsrecht<\/strong> sowie dem <strong>Arbeitsrecht<\/strong>. Nat\u00fcrlich helfe ich aber auch gerne und fachlich versiert bei allen anderen gro\u00dfen und kleinen rechtlichen Problemen des t\u00e4glichen Lebens. Dar\u00fcber hinaus bin ich als Schlichterin f\u00fcr die Anwaltskammer Frankfurt z.B. in Nachbarschaftssachen t\u00e4tig.<\/p>\n<p>Rufen Sie einfach bei mir an, um einen Termin zu vereinbaren oder um sich telefonisch beraten zu lassen. Ich bin in der Regel t\u00e4glich von 9.30 bis 12.00 Uhr und von 13.00 bis 17.00 Uhr zu erreichen. Falls das einmal nicht der Fall sein sollte, k\u00f6nnen Sie jederzeit auf Band sprechen und ich rufe umgehend zur\u00fcck.<\/p>\t\t\t\t\t\t<\/div>\n\t\t\t\t<\/div>\n\t\t\t\t\t<\/div>\n\t\t<\/div>\n\t\t\t\t\t\t\t<\/div>\n\t\t<\/section>\n\t\t\t\t<section class=\"elementor-section elementor-top-section elementor-element elementor-element-1d8b93f elementor-section-boxed elementor-section-height-default elementor-section-height-default\" data-id=\"1d8b93f\" data-element_type=\"section\">\n\t\t\t\t\t\t<div class=\"elementor-container elementor-column-gap-default\">\n\t\t\t\t\t<div class=\"elementor-column elementor-col-100 elementor-top-column elementor-element elementor-element-6b403ff\" data-id=\"6b403ff\" data-element_type=\"column\">\n\t\t\t<div class=\"elementor-widget-wrap elementor-element-populated\">\n\t\t\t\t\t\t\t\t<div class=\"elementor-element elementor-element-4c19581 elementor-widget elementor-widget-text-editor\" data-id=\"4c19581\" data-element_type=\"widget\" data-widget_type=\"text-editor.default\">\n\t\t\t\t<div class=\"elementor-widget-container\">\n\t\t\t\t\t\t\t<p style=\"text-align: center;\">ZU MEINER PERSON<\/p>\t\t\t\t\t\t<\/div>\n\t\t\t\t<\/div>\n\t\t\t\t\t<\/div>\n\t\t<\/div>\n\t\t\t\t\t\t\t<\/div>\n\t\t<\/section>\n\t\t\t\t<section class=\"elementor-section elementor-top-section elementor-element elementor-element-61ecc5c elementor-hidden-mobile elementor-section-boxed elementor-section-height-default elementor-section-height-default\" data-id=\"61ecc5c\" data-element_type=\"section\">\n\t\t\t\t\t\t<div class=\"elementor-container elementor-column-gap-default\">\n\t\t\t\t\t<div class=\"elementor-column elementor-col-100 elementor-top-column elementor-element elementor-element-a2178b7\" data-id=\"a2178b7\" data-element_type=\"column\">\n\t\t\t<div class=\"elementor-widget-wrap elementor-element-populated\">\n\t\t\t\t\t\t\t\t<div class=\"elementor-element elementor-element-1822109 elementor-hidden-mobile elementor-widget elementor-widget-text-editor\" data-id=\"1822109\" data-element_type=\"widget\" data-widget_type=\"text-editor.default\">\n\t\t\t\t<div class=\"elementor-widget-container\">\n\t\t\t\t\t\t\t<p>Geboren im Jahr 1962 habe ich an der Johann-Wolfgang-Goethe-Universit\u00e4t in Frankfurt am Main Jura studiert und mein 2. Staatsexamen im April 1990 erfolgreich abgelegt. Seitdem arbeite ich im Main-Taunus-Kreis als Rechtsanw\u00e4ltin. Zu meinem Mandantenkreis z\u00e4hlen aber nat\u00fcrlich auch Personen aus ganz Deutschland und auch aus dem Ausland.<\/p>\n<p><!-- \/wp:paragraph --><\/p>\n<p><!-- wp:paragraph --><\/p>\n<p>Als \u201eSchwalbacher Kind\u201c sind mir die Menschen unserer Stadt und der Umgebung vertraut und ich kenne die \u00d6rtlichkeiten gut.<\/p>\t\t\t\t\t\t<\/div>\n\t\t\t\t<\/div>\n\t\t\t\t\t<\/div>\n\t\t<\/div>\n\t\t\t\t\t\t\t<\/div>\n\t\t<\/section>\n\t\t\t\t<section class=\"elementor-section elementor-top-section elementor-element elementor-element-672da34 elementor-hidden-desktop elementor-hidden-tablet elementor-section-boxed elementor-section-height-default elementor-section-height-default\" data-id=\"672da34\" data-element_type=\"section\">\n\t\t\t\t\t\t<div class=\"elementor-container elementor-column-gap-default\">\n\t\t\t\t\t<div class=\"elementor-column elementor-col-100 elementor-top-column elementor-element elementor-element-49f8a19\" data-id=\"49f8a19\" data-element_type=\"column\">\n\t\t\t<div class=\"elementor-widget-wrap elementor-element-populated\">\n\t\t\t\t\t\t\t\t<div class=\"elementor-element elementor-element-486e838 elementor-widget elementor-widget-text-editor\" data-id=\"486e838\" data-element_type=\"widget\" data-widget_type=\"text-editor.default\">\n\t\t\t\t<div class=\"elementor-widget-container\">\n\t\t\t\t\t\t\t<p>Geboren im Jahr 1962 habe ich an der Johann-Wolfgang-Goethe-Universit\u00e4t in Frankfurt am Main Jura studiert und mein 2. Staatsexamen im April 1990 erfolgreich abgelegt. Seitdem arbeite ich im Main-Taunus-Kreis als Rechtsanw\u00e4ltin. Zu meinem Mandantenkreis z\u00e4hlen aber nat\u00fcrlich auch Personen aus ganz Deutschland und auch aus dem Ausland.<\/p>\n<p><!-- \/wp:paragraph --><\/p>\n<p><!-- wp:paragraph --><\/p>\n<p>Als \u201eSchwalbacher Kind\u201c sind mir die Menschen unserer Stadt und der Umgebung vertraut und ich kenne die \u00d6rtlichkeiten gut.<\/p>\t\t\t\t\t\t<\/div>\n\t\t\t\t<\/div>\n\t\t\t\t\t<\/div>\n\t\t<\/div>\n\t\t\t\t\t\t\t<\/div>\n\t\t<\/section>\n\t\t\t\t<section class=\"elementor-section elementor-top-section elementor-element elementor-element-63a7c12 elementor-section-boxed elementor-section-height-default elementor-section-height-default\" data-id=\"63a7c12\" data-element_type=\"section\">\n\t\t\t\t\t\t<div class=\"elementor-container elementor-column-gap-default\">\n\t\t\t\t\t<div class=\"elementor-column elementor-col-100 elementor-top-column elementor-element elementor-element-ee3481d\" data-id=\"ee3481d\" data-element_type=\"column\">\n\t\t\t<div class=\"elementor-widget-wrap elementor-element-populated\">\n\t\t\t\t\t\t\t\t<div class=\"elementor-element elementor-element-1672341 elementor-widget elementor-widget-text-editor\" data-id=\"1672341\" data-element_type=\"widget\" data-widget_type=\"text-editor.default\">\n\t\t\t\t<div class=\"elementor-widget-container\">\n\t\t\t\t\t\t\t<p style=\"text-align: center;\">KONTAKT<\/p>\t\t\t\t\t\t<\/div>\n\t\t\t\t<\/div>\n\t\t\t\t\t<\/div>\n\t\t<\/div>\n\t\t\t\t\t\t\t<\/div>\n\t\t<\/section>\n\t\t\t\t<section class=\"elementor-section elementor-top-section elementor-element elementor-element-dfd0960 elementor-section-boxed elementor-section-height-default elementor-section-height-default\" data-id=\"dfd0960\" data-element_type=\"section\">\n\t\t\t\t\t\t<div class=\"elementor-container elementor-column-gap-default\">\n\t\t\t\t\t<div class=\"elementor-column elementor-col-100 elementor-top-column elementor-element elementor-element-c1098ef\" data-id=\"c1098ef\" data-element_type=\"column\">\n\t\t\t<div class=\"elementor-widget-wrap elementor-element-populated\">\n\t\t\t\t\t\t\t\t<div class=\"elementor-element elementor-element-e5e3dd3 elementor-widget elementor-widget-text-editor\" data-id=\"e5e3dd3\" data-element_type=\"widget\" data-widget_type=\"text-editor.default\">\n\t\t\t\t<div class=\"elementor-widget-container\">\n\t\t\t\t\t\t\t<p><strong>Simone Hommel<\/strong><\/p>\n<p><strong>Rechtsanw\u00e4ltin<\/strong><\/p>\n<p>Schlesienstr. 8<\/p>\n<p>65824 Schwalbach am Taunus<\/p>\n<p>Tel.: 06196\/9514964<\/p>\n<p>Fax: 06196\/9514965<\/p>\n<p>Mail: <a href=\"mailto:kanzlei@rechtsanwaeltin-hommel.de\">kanzlei@rechtsanwaeltin-hommel.de<\/a><\/p>\n<p>\u00a0<\/p>\n<p><!-- \/wp:paragraph --><\/p>\n<p><!-- wp:paragraph --><\/p>\n<p>\u00a0<\/p>\t\t\t\t\t\t<\/div>\n\t\t\t\t<\/div>\n\t\t\t\t\t<\/div>\n\t\t<\/div>\n\t\t\t\t\t\t\t<\/div>\n\t\t<\/section>\n\t\t\t\t<section class=\"elementor-section elementor-top-section elementor-element elementor-element-c79907d elementor-section-boxed elementor-section-height-default elementor-section-height-default\" data-id=\"c79907d\" data-element_type=\"section\">\n\t\t\t\t\t\t<div class=\"elementor-container elementor-column-gap-default\">\n\t\t\t\t\t<div class=\"elementor-column elementor-col-100 elementor-top-column elementor-element elementor-element-e27457c\" data-id=\"e27457c\" data-element_type=\"column\">\n\t\t\t<div class=\"elementor-widget-wrap\">\n\t\t\t\t\t\t\t\t\t<\/div>\n\t\t<\/div>\n\t\t\t\t\t\t\t<\/div>\n\t\t<\/section>\n\t\t\t\t\t\t\t<\/div>\n\t\t","protected":false},"excerpt":{"rendered":"<p>ZUR KANZLEI Meine Kanzlei steht Ihnen gerne mit Rat und Tat sowohl in au\u00dfergerichtlichen als auch in gerichtlichen Streitigkeiten zur Seite. Ich selbst kann auf mehr als 32 Jahre Berufserfahrung als Rechtsanw\u00e4ltin zur\u00fcckblicken. Meine Schwerpunkte liegen vorwiegend im Miet- und Wohnungseigentumsrecht sowie dem Arbeitsrecht. Nat\u00fcrlich helfe ich aber auch gerne und fachlich versiert bei allen [&hellip;]<\/p>\n","protected":false},"author":1,"featured_media":0,"parent":0,"menu_order":0,"comment_status":"closed","ping_status":"closed","template":"","meta":{"footnotes":""},"class_list":["post-5","page","type-page","status-publish","hentry"],"_links":{"self":[{"href":"https:\/\/rechtsanwaeltin-hommel.de\/index.php?rest_route=\/wp\/v2\/pages\/5","targetHints":{"allow":["GET"]}}],"collection":[{"href":"https:\/\/rechtsanwaeltin-hommel.de\/index.php?rest_route=\/wp\/v2\/pages"}],"about":[{"href":"https:\/\/rechtsanwaeltin-hommel.de\/index.php?rest_route=\/wp\/v2\/types\/page"}],"author":[{"embeddable":true,"href":"https:\/\/rechtsanwaeltin-hommel.de\/index.php?rest_route=\/wp\/v2\/users\/1"}],"replies":[{"embeddable":true,"href":"https:\/\/rechtsanwaeltin-hommel.de\/index.php?rest_route=%2Fwp%2Fv2%2Fcomments&post=5"}],"version-history":[{"count":109,"href":"https:\/\/rechtsanwaeltin-hommel.de\/index.php?rest_route=\/wp\/v2\/pages\/5\/revisions"}],"predecessor-version":[{"id":196,"href":"https:\/\/rechtsanwaeltin-hommel.de\/index.php?rest_route=\/wp\/v2\/pages\/5\/revisions\/196"}],"wp:attachment":[{"href":"https:\/\/rechtsanwaeltin-hommel.de\/index.php?rest_route=%2Fwp%2Fv2%2Fmedia&parent=5"}],"curies":[{"name":"wp","href":"https:\/\/api.w.org\/{rel}","templated":true}]}}